{"id":240,"date":"2021-11-04T10:49:41","date_gmt":"2021-11-04T09:49:41","guid":{"rendered":"https:\/\/villa-gora.pepwebdigital.hr\/?post_type=smjestaj&#038;p=240"},"modified":"2024-10-16T12:34:08","modified_gmt":"2024-10-16T10:34:08","slug":"wohnung-maslina","status":"publish","type":"smjestaj","link":"https:\/\/villa-gora.com\/de\/smjestaj\/apartman-maslina\/","title":{"rendered":"Apartment Maslina"},"content":{"rendered":"","protected":false},"excerpt":{"rendered":"<p>Umgeben von Gr\u00fcn und Palmen, im Herzen Dalmatiens, in der N\u00e4he von Zadar, befindet sich eine Studio Apartment Maslina. Gartenk\u00fcche, Meerblick und private Treppe zum Strand, Sie sind ein idealer Einstieg in einen unvergesslichen Urlaub.<\/p>","protected":false},"featured_media":524,"template":"","class_list":["post-240","smjestaj","type-smjestaj","status-publish","has-post-thumbnail","hentry"],"acf":[],"_links":{"self":[{"href":"https:\/\/villa-gora.com\/de\/wp-json\/wp\/v2\/smjestaj\/240","targetHints":{"allow":["GET"]}}],"collection":[{"href":"https:\/\/villa-gora.com\/de\/wp-json\/wp\/v2\/smjestaj"}],"about":[{"href":"https:\/\/villa-gora.com\/de\/wp-json\/wp\/v2\/types\/smjestaj"}],"wp:featuredmedia":[{"embeddable":true,"href":"https:\/\/villa-gora.com\/de\/wp-json\/wp\/v2\/media\/524"}],"wp:attachment":[{"href":"https:\/\/villa-gora.com\/de\/wp-json\/wp\/v2\/media?parent=240"}],"curies":[{"name":"wp","href":"https:\/\/api.w.org\/{rel}","templated":true}]}}